{"id":534,"date":"2023-11-03T13:28:15","date_gmt":"2023-11-03T13:28:15","guid":{"rendered":"http:\/\/attentiv.fr\/attentivwp\/?page_id=534"},"modified":"2024-01-09T13:13:02","modified_gmt":"2024-01-09T13:13:02","slug":"loreille","status":"publish","type":"page","link":"https:\/\/attentiv.fr\/attentivwp\/loreille\/","title":{"rendered":"L&rsquo;oreille"},"content":{"rendered":"<p>[et_pb_section fb_built=\u00a0\u00bb1&Prime; disabled_on=\u00a0\u00bbon|on|off\u00a0\u00bb admin_label=\u00a0\u00bbHeader\u00a0\u00bb _builder_version=\u00a0\u00bb4.23.1&Prime; _module_preset=\u00a0\u00bbdefault\u00a0\u00bb background_enable_color=\u00a0\u00bboff\u00a0\u00bb use_background_color_gradient=\u00a0\u00bbon\u00a0\u00bb background_color_gradient_stops=\u00a0\u00bbrgba(0,0,0,0.3) 0%|rgba(0,0,0,0.3) 100%\u00a0\u00bb background_color_gradient_overlays_image=\u00a0\u00bbon\u00a0\u00bb background_image=\u00a0\u00bbhttp:\/\/attentiv.fr\/attentivwp\/wp-content\/uploads\/2023\/11\/Klaxon-oreille-scaled.jpg\u00a0\u00bb custom_padding=\u00a0\u00bb12vw||16vw||false|false\u00a0\u00bb collapsed=\u00a0\u00bbon\u00a0\u00bb global_colors_info=\u00a0\u00bb{}\u00a0\u00bb][et_pb_row _builder_version=\u00a0\u00bb4.20.0&Prime; _module_preset=\u00a0\u00bbdefault\u00a0\u00bb global_colors_info=\u00a0\u00bb{}\u00a0\u00bb][et_pb_column type=\u00a0\u00bb4_4&Prime; _builder_version=\u00a0\u00bb4.20.0&Prime; _module_preset=\u00a0\u00bbdefault\u00a0\u00bb global_colors_info=\u00a0\u00bb{}\u00a0\u00bb][et_pb_text _builder_version=\u00a0\u00bb4.22.1&Prime; _module_preset=\u00a0\u00bbbcaeca34-b5a0-4de2-88ac-610fd8bab4f8&Prime; header_font=\u00a0\u00bbMontserrat|700|||||||\u00a0\u00bb header_text_color=\u00a0\u00bb#FFFFFF\u00a0\u00bb header_font_size=\u00a0\u00bb90px\u00a0\u00bb text_orientation=\u00a0\u00bbcenter\u00a0\u00bb animation_style=\u00a0\u00bbslide\u00a0\u00bb global_colors_info=\u00a0\u00bb{}\u00a0\u00bb]<\/p>\n<h1>L&rsquo;oreille<\/h1>\n<p>[\/et_pb_text][\/et_pb_column][\/et_pb_row][\/et_pb_section][et_pb_section fb_built=\u00a0\u00bb1&Prime; disabled_on=\u00a0\u00bboff|off|on\u00a0\u00bb admin_label=\u00a0\u00bbHeader\u00a0\u00bb _builder_version=\u00a0\u00bb4.23.1&Prime; _module_preset=\u00a0\u00bbdefault\u00a0\u00bb background_enable_color=\u00a0\u00bboff\u00a0\u00bb use_background_color_gradient=\u00a0\u00bbon\u00a0\u00bb background_color_gradient_stops=\u00a0\u00bbrgba(0,0,0,0.3) 0%|rgba(0,0,0,0.3) 100%\u00a0\u00bb background_color_gradient_overlays_image=\u00a0\u00bbon\u00a0\u00bb background_image=\u00a0\u00bbhttp:\/\/attentiv.fr\/attentivwp\/wp-content\/uploads\/2023\/11\/Klaxon-oreille-scaled.jpg\u00a0\u00bb custom_padding=\u00a0\u00bb20vw||20vw||true|false\u00a0\u00bb collapsed=\u00a0\u00bbon\u00a0\u00bb global_colors_info=\u00a0\u00bb{}\u00a0\u00bb][et_pb_row _builder_version=\u00a0\u00bb4.20.0&Prime; _module_preset=\u00a0\u00bbdefault\u00a0\u00bb global_colors_info=\u00a0\u00bb{}\u00a0\u00bb][et_pb_column type=\u00a0\u00bb4_4&Prime; _builder_version=\u00a0\u00bb4.20.0&Prime; _module_preset=\u00a0\u00bbdefault\u00a0\u00bb global_colors_info=\u00a0\u00bb{}\u00a0\u00bb][et_pb_text _builder_version=\u00a0\u00bb4.22.1&Prime; _module_preset=\u00a0\u00bbbcaeca34-b5a0-4de2-88ac-610fd8bab4f8&Prime; header_font=\u00a0\u00bbMontserrat|700|||||||\u00a0\u00bb header_text_color=\u00a0\u00bb#FFFFFF\u00a0\u00bb header_font_size=\u00a0\u00bb90px\u00a0\u00bb text_orientation=\u00a0\u00bbcenter\u00a0\u00bb animation_style=\u00a0\u00bbslide\u00a0\u00bb header_font_size_phone=\u00a0\u00bb32px\u00a0\u00bb global_colors_info=\u00a0\u00bb{}\u00a0\u00bb]<\/p>\n<h1>L&rsquo;oreille<\/h1>\n<p>[\/et_pb_text][\/et_pb_column][\/et_pb_row][\/et_pb_section][et_pb_section fb_built=\u00a0\u00bb1&Prime; admin_label=\u00a0\u00bbAbout\u00a0\u00bb _builder_version=\u00a0\u00bb4.21.0&Prime; _module_preset=\u00a0\u00bbdefault\u00a0\u00bb background_color=\u00a0\u00bb#FFFFFF\u00a0\u00bb collapsed=\u00a0\u00bbon\u00a0\u00bb global_colors_info=\u00a0\u00bb{}\u00a0\u00bb][et_pb_row column_structure=\u00a0\u00bb1_2,1_2&Prime; _builder_version=\u00a0\u00bb4.21.0&Prime; _module_preset=\u00a0\u00bbdefault\u00a0\u00bb max_width=\u00a0\u00bb1295px\u00a0\u00bb custom_padding=\u00a0\u00bb||0px|||\u00a0\u00bb global_colors_info=\u00a0\u00bb{}\u00a0\u00bb][et_pb_column type=\u00a0\u00bb1_2&Prime; _builder_version=\u00a0\u00bb4.20.0&Prime; _module_preset=\u00a0\u00bbdefault\u00a0\u00bb global_colors_info=\u00a0\u00bb{}\u00a0\u00bb][et_pb_text _builder_version=\u00a0\u00bb4.22.1&Prime; _module_preset=\u00a0\u00bb44b942af-509f-4b57-b003-6ee68bedba3f\u00a0\u00bb header_2_font=\u00a0\u00bbMontserrat|500|||||||\u00a0\u00bb animation_style=\u00a0\u00bbslide\u00a0\u00bb animation_direction=\u00a0\u00bbleft\u00a0\u00bb header_2_text_align_tablet=\u00a0\u00bb\u00a0\u00bb header_2_text_align_phone=\u00a0\u00bbcenter\u00a0\u00bb header_2_text_align_last_edited=\u00a0\u00bbon|phone\u00a0\u00bb global_colors_info=\u00a0\u00bb{}\u00a0\u00bb]<\/p>\n<h2>La structure de l&rsquo;oreille<\/h2>\n<p>[\/et_pb_text][et_pb_text _builder_version=\u00a0\u00bb4.22.1&Prime; _module_preset=\u00a0\u00bb0d92f7ce-37f2-40ae-a63b-25f885b6b4cf\u00a0\u00bb text_font_size=\u00a0\u00bb18px\u00a0\u00bb text_letter_spacing=\u00a0\u00bb1px\u00a0\u00bb animation_style=\u00a0\u00bbslide\u00a0\u00bb animation_direction=\u00a0\u00bbleft\u00a0\u00bb text_orientation_tablet=\u00a0\u00bb\u00a0\u00bb text_orientation_phone=\u00a0\u00bbcenter\u00a0\u00bb text_orientation_last_edited=\u00a0\u00bbon|phone\u00a0\u00bb global_colors_info=\u00a0\u00bb{}\u00a0\u00bb]<\/p>\n<div class=\"flex flex-grow flex-col gap-3 max-w-full\">\n<div class=\"min-h-[20px] flex flex-col items-start gap-3 overflow-x-auto whitespace-pre-wrap break-words\">\n<div class=\"markdown prose w-full break-words dark:prose-invert dark\">\n<p><span style=\"font-weight: 400;\">La partie externe de l\u2019oreille comprend la partie visible, le pavillon, ainsi que le conduit auditif. Le son est naturellement amplifi\u00e9 par le pavillon avant de p\u00e9n\u00e9trer par le conduit auditif jusqu\u2019au tympan.<\/span><\/p>\n<p><span style=\"font-weight: 400;\">\u00a0<\/span><\/p>\n<p><span style=\"font-weight: 400;\">L\u2019oreille moyenne se compose d\u2019une cavit\u00e9 a\u00e9rienne s\u00e9par\u00e9e de l\u2019oreille externe par le tympan. Cette caisse du tympan abrite les trois plus petits os du corps humain : le marteau, l\u2019enclume et l\u2019\u00e9trier. Ces minuscules osselets assurent la liaison entre le tympan et l\u2019oreille interne, transformant le son en \u00e9nergie m\u00e9canique.<\/span><\/p>\n<\/p>\n<p>&nbsp;<\/p>\n<\/div>\n<\/div>\n<\/div>\n<p>[\/et_pb_text][\/et_pb_column][et_pb_column type=\u00a0\u00bb1_2&Prime; _builder_version=\u00a0\u00bb4.21.0&Prime; _module_preset=\u00a0\u00bbdefault\u00a0\u00bb global_colors_info=\u00a0\u00bb{}\u00a0\u00bb][et_pb_video src=\u00a0\u00bbhttp:\/\/attentiv.fr\/attentivwp\/wp-content\/uploads\/2023\/08\/Fonctionnement-de-loreille-Neurelec.mp4&Prime; _builder_version=\u00a0\u00bb4.22.1&Prime; _module_preset=\u00a0\u00bbdefault\u00a0\u00bb animation_style=\u00a0\u00bbslide\u00a0\u00bb animation_direction=\u00a0\u00bbright\u00a0\u00bb global_colors_info=\u00a0\u00bb{}\u00a0\u00bb][\/et_pb_video][\/et_pb_column][\/et_pb_row][et_pb_row _builder_version=\u00a0\u00bb4.21.0&Prime; _module_preset=\u00a0\u00bbdefault\u00a0\u00bb max_width=\u00a0\u00bb1295px\u00a0\u00bb custom_margin=\u00a0\u00bb3px|auto||auto||\u00a0\u00bb custom_padding=\u00a0\u00bb0px|||||\u00a0\u00bb global_colors_info=\u00a0\u00bb{}\u00a0\u00bb][et_pb_column type=\u00a0\u00bb4_4&Prime; _builder_version=\u00a0\u00bb4.21.0&Prime; _module_preset=\u00a0\u00bbdefault\u00a0\u00bb global_colors_info=\u00a0\u00bb{}\u00a0\u00bb][et_pb_text _builder_version=\u00a0\u00bb4.23.1&Prime; _module_preset=\u00a0\u00bb0d92f7ce-37f2-40ae-a63b-25f885b6b4cf\u00a0\u00bb text_font_size=\u00a0\u00bb18px\u00a0\u00bb text_letter_spacing=\u00a0\u00bb1px\u00a0\u00bb custom_margin=\u00a0\u00bb7px|||||\u00a0\u00bb custom_margin_tablet=\u00a0\u00bb70px||70px||true|false\u00a0\u00bb custom_margin_phone=\u00a0\u00bb59px||||false|false\u00a0\u00bb custom_margin_last_edited=\u00a0\u00bbon|phone\u00a0\u00bb custom_padding=\u00a0\u00bb0px|||||\u00a0\u00bb animation_style=\u00a0\u00bbslide\u00a0\u00bb hover_enabled=\u00a0\u00bb0&Prime; text_orientation_tablet=\u00a0\u00bb\u00a0\u00bb text_orientation_phone=\u00a0\u00bbcenter\u00a0\u00bb text_orientation_last_edited=\u00a0\u00bbon|phone\u00a0\u00bb global_colors_info=\u00a0\u00bb{}\u00a0\u00bb sticky_enabled=\u00a0\u00bb0&Prime;]<\/p>\n<div class=\"flex flex-grow flex-col gap-3 max-w-full\">\n<div class=\"min-h-[20px] flex flex-col items-start gap-3 overflow-x-auto whitespace-pre-wrap break-words\">\n<div class=\"markdown prose w-full break-words dark:prose-invert dark\">\n<p><span style=\"font-weight: 400;\">Dans l\u2019oreille interne, les vibrations activent le fluide de la cochl\u00e9e et mettent en mouvement les cellules cili\u00e9es qu\u2019elle contient. Ces cellules transforment les vibrations en influx nerveux. Cet influx est transmis au cerveau via le nerf auditif, ou il va \u00eatre interpr\u00e9t\u00e9 pour devenir un son intelligible. L\u2019oreille interne comprend \u00e9galement un deuxi\u00e8me organe sensoriel, le vestibule qui contr\u00f4le l\u2019\u00e9quilibre.<\/span><\/p>\n<\/div>\n<\/div>\n<\/div>\n<p>[\/et_pb_text][et_pb_image src=\u00a0\u00bbhttp:\/\/attentiv.fr\/attentivwp\/wp-content\/uploads\/2023\/11\/oreille.jpeg\u00a0\u00bb title_text=\u00a0\u00bboreille\u00a0\u00bb align=\u00a0\u00bbcenter\u00a0\u00bb _builder_version=\u00a0\u00bb4.22.1&Prime; _module_preset=\u00a0\u00bbdefault\u00a0\u00bb width_tablet=\u00a0\u00bb\u00a0\u00bb width_phone=\u00a0\u00bb99%\u00a0\u00bb width_last_edited=\u00a0\u00bbon|phone\u00a0\u00bb max_width=\u00a0\u00bb100%\u00a0\u00bb custom_margin=\u00a0\u00bb50px|||0px|false|false\u00a0\u00bb animation_style=\u00a0\u00bbfade\u00a0\u00bb module_alignment_tablet=\u00a0\u00bb\u00a0\u00bb module_alignment_phone=\u00a0\u00bbleft\u00a0\u00bb module_alignment_last_edited=\u00a0\u00bbon|phone\u00a0\u00bb global_colors_info=\u00a0\u00bb{}\u00a0\u00bb][\/et_pb_image][\/et_pb_column][\/et_pb_row][\/et_pb_section][et_pb_section fb_built=\u00a0\u00bb1&Prime; disabled_on=\u00a0\u00bbon|on|on\u00a0\u00bb admin_label=\u00a0\u00bbCall to Action\u00a0\u00bb _builder_version=\u00a0\u00bb4.22.1&Prime; _module_preset=\u00a0\u00bbdefault\u00a0\u00bb use_background_color_gradient=\u00a0\u00bbon\u00a0\u00bb background_color_gradient_stops=\u00a0\u00bb#000000 0%|rgba(255,255,255,0) 100%\u00a0\u00bb background_image=\u00a0\u00bbhttp:\/\/attentiv.fr\/attentivwp\/wp-content\/uploads\/2023\/08\/marius-masalar-rPOmLGwai2w-unsplash1-scaled.jpg\u00a0\u00bb custom_padding=\u00a0\u00bb5vw||8vw||false|false\u00a0\u00bb disabled=\u00a0\u00bbon\u00a0\u00bb collapsed=\u00a0\u00bbon\u00a0\u00bb global_colors_info=\u00a0\u00bb{}\u00a0\u00bb][et_pb_row _builder_version=\u00a0\u00bb4.21.0&Prime; _module_preset=\u00a0\u00bbdefault\u00a0\u00bb max_width=\u00a0\u00bb1295px\u00a0\u00bb global_colors_info=\u00a0\u00bb{}\u00a0\u00bb][et_pb_column type=\u00a0\u00bb4_4&Prime; _builder_version=\u00a0\u00bb4.20.0&Prime; _module_preset=\u00a0\u00bbdefault\u00a0\u00bb global_colors_info=\u00a0\u00bb{}\u00a0\u00bb][et_pb_text _builder_version=\u00a0\u00bb4.22.1&Prime; _module_preset=\u00a0\u00bb44b942af-509f-4b57-b003-6ee68bedba3f\u00a0\u00bb header_2_font=\u00a0\u00bbMontserrat|500|||||||\u00a0\u00bb header_2_text_color=\u00a0\u00bb#FFFFFF\u00a0\u00bb header_2_font_size=\u00a0\u00bb80px\u00a0\u00bb header_2_letter_spacing=\u00a0\u00bb1px\u00a0\u00bb text_orientation=\u00a0\u00bbcenter\u00a0\u00bb custom_margin=\u00a0\u00bb||50px|||\u00a0\u00bb animation_style=\u00a0\u00bbzoom\u00a0\u00bb header_2_font_tablet=\u00a0\u00bbMontserrat|500|||||||\u00a0\u00bb header_2_font_phone=\u00a0\u00bbMontserrat|600|||||||\u00a0\u00bb header_2_font_last_edited=\u00a0\u00bbon|phone\u00a0\u00bb global_colors_info=\u00a0\u00bb{}\u00a0\u00bb]<\/p>\n<h2>Les sons qui nous entourent<\/h2>\n<p>[\/et_pb_text][et_pb_text content_tablet=\u00a0\u00bb<\/p>\n<div class=%22flex flex-grow flex-col gap-3 max-w-full%22>\n<div class=%22min-h-%9120px%93 flex flex-col items-start gap-3 overflow-x-auto whitespace-pre-wrap break-words%22>\n<div class=%22markdown prose w-full break-words dark:prose-invert dark%22>\n<div class=%22flex flex-grow flex-col gap-3 max-w-full%22>\n<div class=%22min-h-%9120px%93 flex flex-col items-start gap-3 overflow-x-auto whitespace-pre-wrap break-words%22>\n<div class=%22markdown prose w-full break-words dark:prose-invert dark%22>\n<p>Le son na\u00eet d&rsquo;une vibration des couches d&rsquo;air, capt\u00e9e par notre tympan. Cette vibration est ensuite amplifi\u00e9e par les osselets de l&rsquo;oreille moyenne, puis transmise vers l&rsquo;oreille interne. Les cellules neurosensorielles de cette derni\u00e8re transforment cette vibration en impulsions \u00e9lectriques, envoyant ainsi l&rsquo;information au cerveau qui en effectue l&rsquo;interpr\u00e9tation.<\/p>\n<p>Les sons foisonnent autour de nous. Certains sont d\u00e9licats et agr\u00e9ables, tels que le murmure d&rsquo;un ruisseau, le chant des oiseaux ou le doux son d&rsquo;une guitare de jazz. D&rsquo;autres se manifestent avec puissance, moins plaisants \u00e0 l&rsquo;oreille : le hurlement d&rsquo;une sir\u00e8ne d&rsquo;incendie ou le vrombissement d&rsquo;une perceuse.<\/p>\n<\/div>\n<\/div>\n<\/div>\n<\/div>\n<\/div>\n<\/div>\n<p>\u00a0\u00bb content_phone=\u00a0\u00bb<\/p>\n<div class=%22flex flex-grow flex-col gap-3 max-w-full%22>\n<div class=%22min-h-%9120px%93 flex flex-col items-start gap-3 overflow-x-auto whitespace-pre-wrap break-words%22>\n<div class=%22markdown prose w-full break-words dark:prose-invert dark%22>\n<div class=%22flex flex-grow flex-col gap-3 max-w-full%22>\n<div class=%22min-h-%9120px%93 flex flex-col items-start gap-3 overflow-x-auto whitespace-pre-wrap break-words%22>\n<div class=%22markdown prose w-full break-words dark:prose-invert dark%22>\n<p> Le son na\u00eet d&rsquo;une vibration des couches d&rsquo;air, capt\u00e9e par notre tympan. Cette vibration est ensuite amplifi\u00e9e par les osselets de l&rsquo;oreille moyenne, puis transmise vers l&rsquo;oreille interne. Les cellules neurosensorielles de cette derni\u00e8re transforment cette vibration en impulsions \u00e9lectriques, envoyant ainsi l&rsquo;information au cerveau qui en effectue l&rsquo;interpr\u00e9tation.<\/p>\n<p>Les sons foisonnent autour de nous. Certains sont d\u00e9licats et agr\u00e9ables, tels que le murmure d&rsquo;un ruisseau, le chant des oiseaux ou le doux son d&rsquo;une guitare de jazz. D&rsquo;autres se manifestent avec puissance, moins plaisants \u00e0 l&rsquo;oreille : le hurlement d&rsquo;une sir\u00e8ne d&rsquo;incendie ou le vrombissement d&rsquo;une perceuse.<\/p>\n<\/div>\n<\/div>\n<\/div>\n<\/div>\n<\/div>\n<\/div>\n<p>\u00a0\u00bb content_last_edited=\u00a0\u00bbon|phone\u00a0\u00bb _builder_version=\u00a0\u00bb4.22.1&Prime; _module_preset=\u00a0\u00bb0d92f7ce-37f2-40ae-a63b-25f885b6b4cf\u00a0\u00bb text_font=\u00a0\u00bbLato|700|||||||\u00a0\u00bb text_text_color=\u00a0\u00bb#FFFFFF\u00a0\u00bb text_font_size=\u00a0\u00bb22px\u00a0\u00bb text_letter_spacing=\u00a0\u00bb2px\u00a0\u00bb text_orientation=\u00a0\u00bbcenter\u00a0\u00bb animation_style=\u00a0\u00bbfade\u00a0\u00bb text_font_tablet=\u00a0\u00bbLato|700|||||||\u00a0\u00bb text_font_phone=\u00a0\u00bbLato||||||||\u00a0\u00bb text_font_last_edited=\u00a0\u00bbon|phone\u00a0\u00bb global_colors_info=\u00a0\u00bb{}\u00a0\u00bb]<\/p>\n<div class=\"flex flex-grow flex-col gap-3 max-w-full\">\n<div class=\"min-h-[20px] flex flex-col items-start gap-3 overflow-x-auto whitespace-pre-wrap break-words\">\n<div class=\"markdown prose w-full break-words dark:prose-invert dark\">\n<div class=\"flex flex-grow flex-col gap-3 max-w-full\">\n<div class=\"min-h-[20px] flex flex-col items-start gap-3 overflow-x-auto whitespace-pre-wrap break-words\">\n<div class=\"markdown prose w-full break-words dark:prose-invert dark\">\n<p>&nbsp;<\/p>\n<p>Le son na\u00eet d&rsquo;une vibration des couches d&rsquo;air, capt\u00e9e par notre tympan. Cette vibration est ensuite amplifi\u00e9e par les osselets de l&rsquo;oreille moyenne, puis transmise vers l&rsquo;oreille interne. Les cellules neurosensorielles de cette derni\u00e8re transforment cette vibration en impulsions \u00e9lectriques, envoyant ainsi l&rsquo;information au cerveau qui en effectue l&rsquo;interpr\u00e9tation.<\/p>\n<p>Les sons foisonnent autour de nous. Certains sont d\u00e9licats et agr\u00e9ables, tels que le murmure d&rsquo;un ruisseau, le chant des oiseaux ou le doux son d&rsquo;une guitare de jazz. D&rsquo;autres se manifestent avec puissance, moins plaisants \u00e0 l&rsquo;oreille : le hurlement d&rsquo;une sir\u00e8ne d&rsquo;incendie ou le vrombissement d&rsquo;une perceuse.<\/p>\n<\/div>\n<\/div>\n<\/div>\n<\/div>\n<\/div>\n<\/div>\n<p>[\/et_pb_text][\/et_pb_column][\/et_pb_row][\/et_pb_section]<\/p>\n","protected":false},"excerpt":{"rendered":"<p>L&rsquo;oreilleL&rsquo;oreilleLa structure de l&rsquo;oreille La partie externe de l\u2019oreille comprend la partie visible, le pavillon, ainsi que le conduit auditif. Le son est naturellement amplifi\u00e9 par le pavillon avant de p\u00e9n\u00e9trer par le conduit auditif jusqu\u2019au tympan. \u00a0 L\u2019oreille moyenne se compose d\u2019une cavit\u00e9 a\u00e9rienne s\u00e9par\u00e9e de l\u2019oreille externe par le tympan. Cette caisse du [&hellip;]<\/p>\n","protected":false},"author":1,"featured_media":0,"parent":0,"menu_order":0,"comment_status":"closed","ping_status":"closed","template":"","meta":{"_et_pb_use_builder":"on","_et_pb_old_content":"","_et_gb_content_width":"","footnotes":""},"class_list":["post-534","page","type-page","status-publish","hentry"],"_links":{"self":[{"href":"https:\/\/attentiv.fr\/attentivwp\/wp-json\/wp\/v2\/pages\/534","targetHints":{"allow":["GET"]}}],"collection":[{"href":"https:\/\/attentiv.fr\/attentivwp\/wp-json\/wp\/v2\/pages"}],"about":[{"href":"https:\/\/attentiv.fr\/attentivwp\/wp-json\/wp\/v2\/types\/page"}],"author":[{"embeddable":true,"href":"https:\/\/attentiv.fr\/attentivwp\/wp-json\/wp\/v2\/users\/1"}],"replies":[{"embeddable":true,"href":"https:\/\/attentiv.fr\/attentivwp\/wp-json\/wp\/v2\/comments?post=534"}],"version-history":[{"count":11,"href":"https:\/\/attentiv.fr\/attentivwp\/wp-json\/wp\/v2\/pages\/534\/revisions"}],"predecessor-version":[{"id":988,"href":"https:\/\/attentiv.fr\/attentivwp\/wp-json\/wp\/v2\/pages\/534\/revisions\/988"}],"wp:attachment":[{"href":"https:\/\/attentiv.fr\/attentivwp\/wp-json\/wp\/v2\/media?parent=534"}],"curies":[{"name":"wp","href":"https:\/\/api.w.org\/{rel}","templated":true}]}}